{"id":280,"date":"2020-04-23T14:54:49","date_gmt":"2020-04-23T12:54:49","guid":{"rendered":"http:\/\/www.adamecinterier.com\/index.php\/predsine\/"},"modified":"2020-04-23T14:54:49","modified_gmt":"2020-04-23T12:54:49","slug":"predsine","status":"publish","type":"page","link":"https:\/\/www.adamecinterier.com\/index.php\/predsine\/","title":{"rendered":"predsine"},"content":{"rendered":"<!-- default-view.php -->\n<div\n\tclass=\"ngg-galleryoverview default-view \n\t\t\"\n\tid=\"ngg-gallery-fdf31dafee7453747de172dedd0f4984-1\">\n\n\t\t<!-- Thumbnails -->\n\t\t\t\t<div id=\"ngg-image-0\" class=\"ngg-gallery-thumbnail-box \n\t\t\t\t\t\t\t\t\t\t\t\" \n\t\t\t>\n\t\t\t\t\t\t<div class=\"ngg-gallery-thumbnail\">\n\t\t\t<a href=\"https:\/\/www.adamecinterier.com\/wp-content\/gallery\/predsine\/2021-02-12-14.31.11.jpg\"\n\t\t\t\ttitle=\"\"\n\t\t\t\tdata-src=\"https:\/\/www.adamecinterier.com\/wp-content\/gallery\/predsine\/2021-02-12-14.31.11.jpg\"\n\t\t\t\tdata-thumbnail=\"https:\/\/www.adamecinterier.com\/wp-content\/gallery\/predsine\/thumbs\/thumbs_2021-02-12-14.31.11.jpg\"\n\t\t\t\tdata-image-id=\"262\"\n\t\t\t\tdata-title=\"2021-02-12-14.31.11\"\n\t\t\t\tdata-description=\"\"\n\t\t\t\tdata-image-slug=\"2021-02-12-14-31-11\"\n\t\t\t\tclass=\"ngg-fancybox\" rel=\"fdf31dafee7453747de172dedd0f4984\">\n\t\t\t\t<img\n\t\t\t\t\ttitle=\"2021-02-12-14.31.11\"\n\t\t\t\t\talt=\"2021-02-12-14.31.11\"\n\t\t\t\t\tsrc=\"https:\/\/www.adamecinterier.com\/wp-content\/gallery\/predsine\/thumbs\/thumbs_2021-02-12-14.31.11.jpg\"\n\t\t\t\t\twidth=\"240\"\n\t\t\t\t\theight=\"160\"\n\t\t\t\t\tstyle=\"max-width:100%;\"\n\t\t\t\t\/>\n\t\t\t<\/a>\n\t\t<\/div>\n\t\t\t\t\t\t\t<\/div> \n\t\t\t\n\t\t\t\t<div id=\"ngg-image-1\" class=\"ngg-gallery-thumbnail-box \n\t\t\t\t\t\t\t\t\t\t\t\" \n\t\t\t>\n\t\t\t\t\t\t<div class=\"ngg-gallery-thumbnail\">\n\t\t\t<a href=\"https:\/\/www.adamecinterier.com\/wp-content\/gallery\/predsine\/2021-02-12-14.29.32.jpg\"\n\t\t\t\ttitle=\"\"\n\t\t\t\tdata-src=\"https:\/\/www.adamecinterier.com\/wp-content\/gallery\/predsine\/2021-02-12-14.29.32.jpg\"\n\t\t\t\tdata-thumbnail=\"https:\/\/www.adamecinterier.com\/wp-content\/gallery\/predsine\/thumbs\/thumbs_2021-02-12-14.29.32.jpg\"\n\t\t\t\tdata-image-id=\"263\"\n\t\t\t\tdata-title=\"2021-02-12-14.29.32\"\n\t\t\t\tdata-description=\"\"\n\t\t\t\tdata-image-slug=\"2021-02-12-14-29-32\"\n\t\t\t\tclass=\"ngg-fancybox\" rel=\"fdf31dafee7453747de172dedd0f4984\">\n\t\t\t\t<img\n\t\t\t\t\ttitle=\"2021-02-12-14.29.32\"\n\t\t\t\t\talt=\"2021-02-12-14.29.32\"\n\t\t\t\t\tsrc=\"https:\/\/www.adamecinterier.com\/wp-content\/gallery\/predsine\/thumbs\/thumbs_2021-02-12-14.29.32.jpg\"\n\t\t\t\t\twidth=\"240\"\n\t\t\t\t\theight=\"160\"\n\t\t\t\t\tstyle=\"max-width:100%;\"\n\t\t\t\t\/>\n\t\t\t<\/a>\n\t\t<\/div>\n\t\t\t\t\t\t\t<\/div> \n\t\t\t\n\t\t\t\t<div id=\"ngg-image-2\" class=\"ngg-gallery-thumbnail-box \n\t\t\t\t\t\t\t\t\t\t\t\" \n\t\t\t>\n\t\t\t\t\t\t<div class=\"ngg-gallery-thumbnail\">\n\t\t\t<a href=\"https:\/\/www.adamecinterier.com\/wp-content\/gallery\/predsine\/2021-02-12-14.30.56.jpg\"\n\t\t\t\ttitle=\"\"\n\t\t\t\tdata-src=\"https:\/\/www.adamecinterier.com\/wp-content\/gallery\/predsine\/2021-02-12-14.30.56.jpg\"\n\t\t\t\tdata-thumbnail=\"https:\/\/www.adamecinterier.com\/wp-content\/gallery\/predsine\/thumbs\/thumbs_2021-02-12-14.30.56.jpg\"\n\t\t\t\tdata-image-id=\"264\"\n\t\t\t\tdata-title=\"2021-02-12-14.30.56\"\n\t\t\t\tdata-description=\"\"\n\t\t\t\tdata-image-slug=\"2021-02-12-14-30-56\"\n\t\t\t\tclass=\"ngg-fancybox\" rel=\"fdf31dafee7453747de172dedd0f4984\">\n\t\t\t\t<img\n\t\t\t\t\ttitle=\"2021-02-12-14.30.56\"\n\t\t\t\t\talt=\"2021-02-12-14.30.56\"\n\t\t\t\t\tsrc=\"https:\/\/www.adamecinterier.com\/wp-content\/gallery\/predsine\/thumbs\/thumbs_2021-02-12-14.30.56.jpg\"\n\t\t\t\t\twidth=\"240\"\n\t\t\t\t\theight=\"160\"\n\t\t\t\t\tstyle=\"max-width:100%;\"\n\t\t\t\t\/>\n\t\t\t<\/a>\n\t\t<\/div>\n\t\t\t\t\t\t\t<\/div> \n\t\t\t\n\t\t\t\t<div id=\"ngg-image-3\" class=\"ngg-gallery-thumbnail-box \n\t\t\t\t\t\t\t\t\t\t\t\" \n\t\t\t>\n\t\t\t\t\t\t<div class=\"ngg-gallery-thumbnail\">\n\t\t\t<a href=\"https:\/\/www.adamecinterier.com\/wp-content\/gallery\/predsine\/2021-06-28-15.19.45.jpg\"\n\t\t\t\ttitle=\"\"\n\t\t\t\tdata-src=\"https:\/\/www.adamecinterier.com\/wp-content\/gallery\/predsine\/2021-06-28-15.19.45.jpg\"\n\t\t\t\tdata-thumbnail=\"https:\/\/www.adamecinterier.com\/wp-content\/gallery\/predsine\/thumbs\/thumbs_2021-06-28-15.19.45.jpg\"\n\t\t\t\tdata-image-id=\"194\"\n\t\t\t\tdata-title=\"2021-06-28-15.19.45\"\n\t\t\t\tdata-description=\"\"\n\t\t\t\tdata-image-slug=\"2021-06-28-15-19-45\"\n\t\t\t\tclass=\"ngg-fancybox\" rel=\"fdf31dafee7453747de172dedd0f4984\">\n\t\t\t\t<img\n\t\t\t\t\ttitle=\"2021-06-28-15.19.45\"\n\t\t\t\t\talt=\"2021-06-28-15.19.45\"\n\t\t\t\t\tsrc=\"https:\/\/www.adamecinterier.com\/wp-content\/gallery\/predsine\/thumbs\/thumbs_2021-06-28-15.19.45.jpg\"\n\t\t\t\t\twidth=\"240\"\n\t\t\t\t\theight=\"160\"\n\t\t\t\t\tstyle=\"max-width:100%;\"\n\t\t\t\t\/>\n\t\t\t<\/a>\n\t\t<\/div>\n\t\t\t\t\t\t\t<\/div> \n\t\t\t\n\t\t\t\t<div id=\"ngg-image-4\" class=\"ngg-gallery-thumbnail-box \n\t\t\t\t\t\t\t\t\t\t\t\" \n\t\t\t>\n\t\t\t\t\t\t<div class=\"ngg-gallery-thumbnail\">\n\t\t\t<a href=\"https:\/\/www.adamecinterier.com\/wp-content\/gallery\/predsine\/2021-06-28-15.20.02.jpg\"\n\t\t\t\ttitle=\"\"\n\t\t\t\tdata-src=\"https:\/\/www.adamecinterier.com\/wp-content\/gallery\/predsine\/2021-06-28-15.20.02.jpg\"\n\t\t\t\tdata-thumbnail=\"https:\/\/www.adamecinterier.com\/wp-content\/gallery\/predsine\/thumbs\/thumbs_2021-06-28-15.20.02.jpg\"\n\t\t\t\tdata-image-id=\"193\"\n\t\t\t\tdata-title=\"2021-06-28-15.20.02\"\n\t\t\t\tdata-description=\"\"\n\t\t\t\tdata-image-slug=\"2021-06-28-15-20-02\"\n\t\t\t\tclass=\"ngg-fancybox\" rel=\"fdf31dafee7453747de172dedd0f4984\">\n\t\t\t\t<img\n\t\t\t\t\ttitle=\"2021-06-28-15.20.02\"\n\t\t\t\t\talt=\"2021-06-28-15.20.02\"\n\t\t\t\t\tsrc=\"https:\/\/www.adamecinterier.com\/wp-content\/gallery\/predsine\/thumbs\/thumbs_2021-06-28-15.20.02.jpg\"\n\t\t\t\t\twidth=\"240\"\n\t\t\t\t\theight=\"160\"\n\t\t\t\t\tstyle=\"max-width:100%;\"\n\t\t\t\t\/>\n\t\t\t<\/a>\n\t\t<\/div>\n\t\t\t\t\t\t\t<\/div> \n\t\t\t\n\t\t\t\t<div id=\"ngg-image-5\" class=\"ngg-gallery-thumbnail-box \n\t\t\t\t\t\t\t\t\t\t\t\" \n\t\t\t>\n\t\t\t\t\t\t<div class=\"ngg-gallery-thumbnail\">\n\t\t\t<a href=\"https:\/\/www.adamecinterier.com\/wp-content\/gallery\/predsine\/IMG_20211112_153059.jpg\"\n\t\t\t\ttitle=\"\"\n\t\t\t\tdata-src=\"https:\/\/www.adamecinterier.com\/wp-content\/gallery\/predsine\/IMG_20211112_153059.jpg\"\n\t\t\t\tdata-thumbnail=\"https:\/\/www.adamecinterier.com\/wp-content\/gallery\/predsine\/thumbs\/thumbs_IMG_20211112_153059.jpg\"\n\t\t\t\tdata-image-id=\"224\"\n\t\t\t\tdata-title=\"IMG_20211112_153059\"\n\t\t\t\tdata-description=\"\"\n\t\t\t\tdata-image-slug=\"img_20211112_153059\"\n\t\t\t\tclass=\"ngg-fancybox\" rel=\"fdf31dafee7453747de172dedd0f4984\">\n\t\t\t\t<img\n\t\t\t\t\ttitle=\"IMG_20211112_153059\"\n\t\t\t\t\talt=\"IMG_20211112_153059\"\n\t\t\t\t\tsrc=\"https:\/\/www.adamecinterier.com\/wp-content\/gallery\/predsine\/thumbs\/thumbs_IMG_20211112_153059.jpg\"\n\t\t\t\t\twidth=\"240\"\n\t\t\t\t\theight=\"160\"\n\t\t\t\t\tstyle=\"max-width:100%;\"\n\t\t\t\t\/>\n\t\t\t<\/a>\n\t\t<\/div>\n\t\t\t\t\t\t\t<\/div> \n\t\t\t\n\t\t\t\t<div id=\"ngg-image-6\" class=\"ngg-gallery-thumbnail-box \n\t\t\t\t\t\t\t\t\t\t\t\" \n\t\t\t>\n\t\t\t\t\t\t<div class=\"ngg-gallery-thumbnail\">\n\t\t\t<a href=\"https:\/\/www.adamecinterier.com\/wp-content\/gallery\/predsine\/2021-11-12-15.31.40.jpg\"\n\t\t\t\ttitle=\"\"\n\t\t\t\tdata-src=\"https:\/\/www.adamecinterier.com\/wp-content\/gallery\/predsine\/2021-11-12-15.31.40.jpg\"\n\t\t\t\tdata-thumbnail=\"https:\/\/www.adamecinterier.com\/wp-content\/gallery\/predsine\/thumbs\/thumbs_2021-11-12-15.31.40.jpg\"\n\t\t\t\tdata-image-id=\"223\"\n\t\t\t\tdata-title=\"2021-11-12-15.31.40\"\n\t\t\t\tdata-description=\"\"\n\t\t\t\tdata-image-slug=\"2021-11-12-15-31-40\"\n\t\t\t\tclass=\"ngg-fancybox\" rel=\"fdf31dafee7453747de172dedd0f4984\">\n\t\t\t\t<img\n\t\t\t\t\ttitle=\"2021-11-12-15.31.40\"\n\t\t\t\t\talt=\"2021-11-12-15.31.40\"\n\t\t\t\t\tsrc=\"https:\/\/www.adamecinterier.com\/wp-content\/gallery\/predsine\/thumbs\/thumbs_2021-11-12-15.31.40.jpg\"\n\t\t\t\t\twidth=\"240\"\n\t\t\t\t\theight=\"160\"\n\t\t\t\t\tstyle=\"max-width:100%;\"\n\t\t\t\t\/>\n\t\t\t<\/a>\n\t\t<\/div>\n\t\t\t\t\t\t\t<\/div> \n\t\t\t\n\t\t\t\t<div id=\"ngg-image-7\" class=\"ngg-gallery-thumbnail-box \n\t\t\t\t\t\t\t\t\t\t\t\" \n\t\t\t>\n\t\t\t\t\t\t<div class=\"ngg-gallery-thumbnail\">\n\t\t\t<a href=\"https:\/\/www.adamecinterier.com\/wp-content\/gallery\/predsine\/2021-04-23-11.58.26.jpg\"\n\t\t\t\ttitle=\"\"\n\t\t\t\tdata-src=\"https:\/\/www.adamecinterier.com\/wp-content\/gallery\/predsine\/2021-04-23-11.58.26.jpg\"\n\t\t\t\tdata-thumbnail=\"https:\/\/www.adamecinterier.com\/wp-content\/gallery\/predsine\/thumbs\/thumbs_2021-04-23-11.58.26.jpg\"\n\t\t\t\tdata-image-id=\"240\"\n\t\t\t\tdata-title=\"2021-04-23-11.58.26\"\n\t\t\t\tdata-description=\"\"\n\t\t\t\tdata-image-slug=\"2021-04-23-11-58-26\"\n\t\t\t\tclass=\"ngg-fancybox\" rel=\"fdf31dafee7453747de172dedd0f4984\">\n\t\t\t\t<img\n\t\t\t\t\ttitle=\"2021-04-23-11.58.26\"\n\t\t\t\t\talt=\"2021-04-23-11.58.26\"\n\t\t\t\t\tsrc=\"https:\/\/www.adamecinterier.com\/wp-content\/gallery\/predsine\/thumbs\/thumbs_2021-04-23-11.58.26.jpg\"\n\t\t\t\t\twidth=\"240\"\n\t\t\t\t\theight=\"160\"\n\t\t\t\t\tstyle=\"max-width:100%;\"\n\t\t\t\t\/>\n\t\t\t<\/a>\n\t\t<\/div>\n\t\t\t\t\t\t\t<\/div> \n\t\t\t\n\t\t\t\t<div id=\"ngg-image-8\" class=\"ngg-gallery-thumbnail-box \n\t\t\t\t\t\t\t\t\t\t\t\" \n\t\t\t>\n\t\t\t\t\t\t<div class=\"ngg-gallery-thumbnail\">\n\t\t\t<a href=\"https:\/\/www.adamecinterier.com\/wp-content\/gallery\/predsine\/2021-04-23-11.58.48.jpg\"\n\t\t\t\ttitle=\"\"\n\t\t\t\tdata-src=\"https:\/\/www.adamecinterier.com\/wp-content\/gallery\/predsine\/2021-04-23-11.58.48.jpg\"\n\t\t\t\tdata-thumbnail=\"https:\/\/www.adamecinterier.com\/wp-content\/gallery\/predsine\/thumbs\/thumbs_2021-04-23-11.58.48.jpg\"\n\t\t\t\tdata-image-id=\"241\"\n\t\t\t\tdata-title=\"2021-04-23-11.58.48\"\n\t\t\t\tdata-description=\"\"\n\t\t\t\tdata-image-slug=\"2021-04-23-11-58-48\"\n\t\t\t\tclass=\"ngg-fancybox\" rel=\"fdf31dafee7453747de172dedd0f4984\">\n\t\t\t\t<img\n\t\t\t\t\ttitle=\"2021-04-23-11.58.48\"\n\t\t\t\t\talt=\"2021-04-23-11.58.48\"\n\t\t\t\t\tsrc=\"https:\/\/www.adamecinterier.com\/wp-content\/gallery\/predsine\/thumbs\/thumbs_2021-04-23-11.58.48.jpg\"\n\t\t\t\t\twidth=\"240\"\n\t\t\t\t\theight=\"160\"\n\t\t\t\t\tstyle=\"max-width:100%;\"\n\t\t\t\t\/>\n\t\t\t<\/a>\n\t\t<\/div>\n\t\t\t\t\t\t\t<\/div> \n\t\t\t\n\t\t\t\t<div id=\"ngg-image-9\" class=\"ngg-gallery-thumbnail-box \n\t\t\t\t\t\t\t\t\t\t\t\" \n\t\t\t>\n\t\t\t\t\t\t<div class=\"ngg-gallery-thumbnail\">\n\t\t\t<a href=\"https:\/\/www.adamecinterier.com\/wp-content\/gallery\/predsine\/p%C5%99eds%C3%AD%C5%88.jpg\"\n\t\t\t\ttitle=\"\"\n\t\t\t\tdata-src=\"https:\/\/www.adamecinterier.com\/wp-content\/gallery\/predsine\/p%C5%99eds%C3%AD%C5%88.jpg\"\n\t\t\t\tdata-thumbnail=\"https:\/\/www.adamecinterier.com\/wp-content\/gallery\/predsine\/thumbs\/thumbs_p%C5%99eds%C3%AD%C5%88.jpg\"\n\t\t\t\tdata-image-id=\"162\"\n\t\t\t\tdata-title=\"p\u0159eds\u00ed\u0148\"\n\t\t\t\tdata-description=\"\"\n\t\t\t\tdata-image-slug=\"p%c5%99eds%c3%ad%c5%88-6\"\n\t\t\t\tclass=\"ngg-fancybox\" rel=\"fdf31dafee7453747de172dedd0f4984\">\n\t\t\t\t<img\n\t\t\t\t\ttitle=\"p\u0159eds\u00ed\u0148\"\n\t\t\t\t\talt=\"p\u0159eds\u00ed\u0148\"\n\t\t\t\t\tsrc=\"https:\/\/www.adamecinterier.com\/wp-content\/gallery\/predsine\/thumbs\/thumbs_p%C5%99eds%C3%AD%C5%88.jpg\"\n\t\t\t\t\twidth=\"240\"\n\t\t\t\t\theight=\"160\"\n\t\t\t\t\tstyle=\"max-width:100%;\"\n\t\t\t\t\/>\n\t\t\t<\/a>\n\t\t<\/div>\n\t\t\t\t\t\t\t<\/div> \n\t\t\t\n\t\t\t\t<div id=\"ngg-image-10\" class=\"ngg-gallery-thumbnail-box \n\t\t\t\t\t\t\t\t\t\t\t\" \n\t\t\t>\n\t\t\t\t\t\t<div class=\"ngg-gallery-thumbnail\">\n\t\t\t<a href=\"https:\/\/www.adamecinterier.com\/wp-content\/gallery\/predsine\/2021-10-01-12.15.26.jpg\"\n\t\t\t\ttitle=\"\"\n\t\t\t\tdata-src=\"https:\/\/www.adamecinterier.com\/wp-content\/gallery\/predsine\/2021-10-01-12.15.26.jpg\"\n\t\t\t\tdata-thumbnail=\"https:\/\/www.adamecinterier.com\/wp-content\/gallery\/predsine\/thumbs\/thumbs_2021-10-01-12.15.26.jpg\"\n\t\t\t\tdata-image-id=\"225\"\n\t\t\t\tdata-title=\"2021-10-01-12.15.26\"\n\t\t\t\tdata-description=\"\"\n\t\t\t\tdata-image-slug=\"2021-10-01-12-15-26\"\n\t\t\t\tclass=\"ngg-fancybox\" rel=\"fdf31dafee7453747de172dedd0f4984\">\n\t\t\t\t<img\n\t\t\t\t\ttitle=\"2021-10-01-12.15.26\"\n\t\t\t\t\talt=\"2021-10-01-12.15.26\"\n\t\t\t\t\tsrc=\"https:\/\/www.adamecinterier.com\/wp-content\/gallery\/predsine\/thumbs\/thumbs_2021-10-01-12.15.26.jpg\"\n\t\t\t\t\twidth=\"240\"\n\t\t\t\t\theight=\"160\"\n\t\t\t\t\tstyle=\"max-width:100%;\"\n\t\t\t\t\/>\n\t\t\t<\/a>\n\t\t<\/div>\n\t\t\t\t\t\t\t<\/div> \n\t\t\t\n\t\t\t\t<div id=\"ngg-image-11\" class=\"ngg-gallery-thumbnail-box \n\t\t\t\t\t\t\t\t\t\t\t\" \n\t\t\t>\n\t\t\t\t\t\t<div class=\"ngg-gallery-thumbnail\">\n\t\t\t<a href=\"https:\/\/www.adamecinterier.com\/wp-content\/gallery\/predsine\/p%C5%99eds%C3%AD%C5%88...jpg\"\n\t\t\t\ttitle=\"\"\n\t\t\t\tdata-src=\"https:\/\/www.adamecinterier.com\/wp-content\/gallery\/predsine\/p%C5%99eds%C3%AD%C5%88...jpg\"\n\t\t\t\tdata-thumbnail=\"https:\/\/www.adamecinterier.com\/wp-content\/gallery\/predsine\/thumbs\/thumbs_p%C5%99eds%C3%AD%C5%88...jpg\"\n\t\t\t\tdata-image-id=\"163\"\n\t\t\t\tdata-title=\"p\u0159eds\u00ed\u0148..\"\n\t\t\t\tdata-description=\"\"\n\t\t\t\tdata-image-slug=\"p%c5%99eds%c3%ad%c5%88-7\"\n\t\t\t\tclass=\"ngg-fancybox\" rel=\"fdf31dafee7453747de172dedd0f4984\">\n\t\t\t\t<img\n\t\t\t\t\ttitle=\"p\u0159eds\u00ed\u0148..\"\n\t\t\t\t\talt=\"p\u0159eds\u00ed\u0148..\"\n\t\t\t\t\tsrc=\"https:\/\/www.adamecinterier.com\/wp-content\/gallery\/predsine\/thumbs\/thumbs_p%C5%99eds%C3%AD%C5%88...jpg\"\n\t\t\t\t\twidth=\"240\"\n\t\t\t\t\theight=\"160\"\n\t\t\t\t\tstyle=\"max-width:100%;\"\n\t\t\t\t\/>\n\t\t\t<\/a>\n\t\t<\/div>\n\t\t\t\t\t\t\t<\/div> \n\t\t\t\n\t\t\t\t<div id=\"ngg-image-12\" class=\"ngg-gallery-thumbnail-box \n\t\t\t\t\t\t\t\t\t\t\t\" \n\t\t\t>\n\t\t\t\t\t\t<div class=\"ngg-gallery-thumbnail\">\n\t\t\t<a href=\"https:\/\/www.adamecinterier.com\/wp-content\/gallery\/predsine\/p%C5%99eds%C3%AD%C5%88-vnit%C5%99n%C3%AD-vybavrn%C3%AD.jpg\"\n\t\t\t\ttitle=\"\"\n\t\t\t\tdata-src=\"https:\/\/www.adamecinterier.com\/wp-content\/gallery\/predsine\/p%C5%99eds%C3%AD%C5%88-vnit%C5%99n%C3%AD-vybavrn%C3%AD.jpg\"\n\t\t\t\tdata-thumbnail=\"https:\/\/www.adamecinterier.com\/wp-content\/gallery\/predsine\/thumbs\/thumbs_p%C5%99eds%C3%AD%C5%88-vnit%C5%99n%C3%AD-vybavrn%C3%AD.jpg\"\n\t\t\t\tdata-image-id=\"164\"\n\t\t\t\tdata-title=\"p\u0159eds\u00ed\u0148-vnit\u0159n\u00ed-vybavrn\u00ed\"\n\t\t\t\tdata-description=\"\"\n\t\t\t\tdata-image-slug=\"p%c5%99eds%c3%ad%c5%88-vnit%c5%99n%c3%ad-vybavrn%c3%ad\"\n\t\t\t\tclass=\"ngg-fancybox\" rel=\"fdf31dafee7453747de172dedd0f4984\">\n\t\t\t\t<img\n\t\t\t\t\ttitle=\"p\u0159eds\u00ed\u0148-vnit\u0159n\u00ed-vybavrn\u00ed\"\n\t\t\t\t\talt=\"p\u0159eds\u00ed\u0148-vnit\u0159n\u00ed-vybavrn\u00ed\"\n\t\t\t\t\tsrc=\"https:\/\/www.adamecinterier.com\/wp-content\/gallery\/predsine\/thumbs\/thumbs_p%C5%99eds%C3%AD%C5%88-vnit%C5%99n%C3%AD-vybavrn%C3%AD.jpg\"\n\t\t\t\t\twidth=\"240\"\n\t\t\t\t\theight=\"160\"\n\t\t\t\t\tstyle=\"max-width:100%;\"\n\t\t\t\t\/>\n\t\t\t<\/a>\n\t\t<\/div>\n\t\t\t\t\t\t\t<\/div> \n\t\t\t\n\t\t\t\t<div id=\"ngg-image-13\" class=\"ngg-gallery-thumbnail-box \n\t\t\t\t\t\t\t\t\t\t\t\" \n\t\t\t>\n\t\t\t\t\t\t<div class=\"ngg-gallery-thumbnail\">\n\t\t\t<a href=\"https:\/\/www.adamecinterier.com\/wp-content\/gallery\/predsine\/IMG_20210823_151217.jpg\"\n\t\t\t\ttitle=\"\"\n\t\t\t\tdata-src=\"https:\/\/www.adamecinterier.com\/wp-content\/gallery\/predsine\/IMG_20210823_151217.jpg\"\n\t\t\t\tdata-thumbnail=\"https:\/\/www.adamecinterier.com\/wp-content\/gallery\/predsine\/thumbs\/thumbs_IMG_20210823_151217.jpg\"\n\t\t\t\tdata-image-id=\"242\"\n\t\t\t\tdata-title=\"IMG_20210823_151217\"\n\t\t\t\tdata-description=\"\"\n\t\t\t\tdata-image-slug=\"img_20210823_151217\"\n\t\t\t\tclass=\"ngg-fancybox\" rel=\"fdf31dafee7453747de172dedd0f4984\">\n\t\t\t\t<img\n\t\t\t\t\ttitle=\"IMG_20210823_151217\"\n\t\t\t\t\talt=\"IMG_20210823_151217\"\n\t\t\t\t\tsrc=\"https:\/\/www.adamecinterier.com\/wp-content\/gallery\/predsine\/thumbs\/thumbs_IMG_20210823_151217.jpg\"\n\t\t\t\t\twidth=\"240\"\n\t\t\t\t\theight=\"160\"\n\t\t\t\t\tstyle=\"max-width:100%;\"\n\t\t\t\t\/>\n\t\t\t<\/a>\n\t\t<\/div>\n\t\t\t\t\t\t\t<\/div> \n\t\t\t\n\t\t\t\t<div id=\"ngg-image-14\" class=\"ngg-gallery-thumbnail-box \n\t\t\t\t\t\t\t\t\t\t\t\" \n\t\t\t>\n\t\t\t\t\t\t<div class=\"ngg-gallery-thumbnail\">\n\t\t\t<a href=\"https:\/\/www.adamecinterier.com\/wp-content\/gallery\/predsine\/2021-08-23-15.12.17.jpg\"\n\t\t\t\ttitle=\"\"\n\t\t\t\tdata-src=\"https:\/\/www.adamecinterier.com\/wp-content\/gallery\/predsine\/2021-08-23-15.12.17.jpg\"\n\t\t\t\tdata-thumbnail=\"https:\/\/www.adamecinterier.com\/wp-content\/gallery\/predsine\/thumbs\/thumbs_2021-08-23-15.12.17.jpg\"\n\t\t\t\tdata-image-id=\"243\"\n\t\t\t\tdata-title=\"2021-08-23-15.12.17\"\n\t\t\t\tdata-description=\"\"\n\t\t\t\tdata-image-slug=\"2021-08-23-15-12-17\"\n\t\t\t\tclass=\"ngg-fancybox\" rel=\"fdf31dafee7453747de172dedd0f4984\">\n\t\t\t\t<img\n\t\t\t\t\ttitle=\"2021-08-23-15.12.17\"\n\t\t\t\t\talt=\"2021-08-23-15.12.17\"\n\t\t\t\t\tsrc=\"https:\/\/www.adamecinterier.com\/wp-content\/gallery\/predsine\/thumbs\/thumbs_2021-08-23-15.12.17.jpg\"\n\t\t\t\t\twidth=\"240\"\n\t\t\t\t\theight=\"160\"\n\t\t\t\t\tstyle=\"max-width:100%;\"\n\t\t\t\t\/>\n\t\t\t<\/a>\n\t\t<\/div>\n\t\t\t\t\t\t\t<\/div> \n\t\t\t\n\t\t\t\t<div id=\"ngg-image-15\" class=\"ngg-gallery-thumbnail-box \n\t\t\t\t\t\t\t\t\t\t\t\" \n\t\t\t>\n\t\t\t\t\t\t<div class=\"ngg-gallery-thumbnail\">\n\t\t\t<a href=\"https:\/\/www.adamecinterier.com\/wp-content\/gallery\/predsine\/IMG_20210823_151237.jpg\"\n\t\t\t\ttitle=\"\"\n\t\t\t\tdata-src=\"https:\/\/www.adamecinterier.com\/wp-content\/gallery\/predsine\/IMG_20210823_151237.jpg\"\n\t\t\t\tdata-thumbnail=\"https:\/\/www.adamecinterier.com\/wp-content\/gallery\/predsine\/thumbs\/thumbs_IMG_20210823_151237.jpg\"\n\t\t\t\tdata-image-id=\"244\"\n\t\t\t\tdata-title=\"IMG_20210823_151237\"\n\t\t\t\tdata-description=\"\"\n\t\t\t\tdata-image-slug=\"img_20210823_151237\"\n\t\t\t\tclass=\"ngg-fancybox\" rel=\"fdf31dafee7453747de172dedd0f4984\">\n\t\t\t\t<img\n\t\t\t\t\ttitle=\"IMG_20210823_151237\"\n\t\t\t\t\talt=\"IMG_20210823_151237\"\n\t\t\t\t\tsrc=\"https:\/\/www.adamecinterier.com\/wp-content\/gallery\/predsine\/thumbs\/thumbs_IMG_20210823_151237.jpg\"\n\t\t\t\t\twidth=\"240\"\n\t\t\t\t\theight=\"160\"\n\t\t\t\t\tstyle=\"max-width:100%;\"\n\t\t\t\t\/>\n\t\t\t<\/a>\n\t\t<\/div>\n\t\t\t\t\t\t\t<\/div> \n\t\t\t\n\t\t\t\t<div id=\"ngg-image-16\" class=\"ngg-gallery-thumbnail-box \n\t\t\t\t\t\t\t\t\t\t\t\" \n\t\t\t>\n\t\t\t\t\t\t<div class=\"ngg-gallery-thumbnail\">\n\t\t\t<a href=\"https:\/\/www.adamecinterier.com\/wp-content\/gallery\/predsine\/2019-11-12-14.28.32.jpg\"\n\t\t\t\ttitle=\"\"\n\t\t\t\tdata-src=\"https:\/\/www.adamecinterier.com\/wp-content\/gallery\/predsine\/2019-11-12-14.28.32.jpg\"\n\t\t\t\tdata-thumbnail=\"https:\/\/www.adamecinterier.com\/wp-content\/gallery\/predsine\/thumbs\/thumbs_2019-11-12-14.28.32.jpg\"\n\t\t\t\tdata-image-id=\"143\"\n\t\t\t\tdata-title=\"2019-11-12-14.28.32\"\n\t\t\t\tdata-description=\"\"\n\t\t\t\tdata-image-slug=\"2019-11-12-14-28-32\"\n\t\t\t\tclass=\"ngg-fancybox\" rel=\"fdf31dafee7453747de172dedd0f4984\">\n\t\t\t\t<img\n\t\t\t\t\ttitle=\"2019-11-12-14.28.32\"\n\t\t\t\t\talt=\"2019-11-12-14.28.32\"\n\t\t\t\t\tsrc=\"https:\/\/www.adamecinterier.com\/wp-content\/gallery\/predsine\/thumbs\/thumbs_2019-11-12-14.28.32.jpg\"\n\t\t\t\t\twidth=\"240\"\n\t\t\t\t\theight=\"160\"\n\t\t\t\t\tstyle=\"max-width:100%;\"\n\t\t\t\t\/>\n\t\t\t<\/a>\n\t\t<\/div>\n\t\t\t\t\t\t\t<\/div> \n\t\t\t\n\t\t\t\t<div id=\"ngg-image-17\" class=\"ngg-gallery-thumbnail-box \n\t\t\t\t\t\t\t\t\t\t\t\" \n\t\t\t>\n\t\t\t\t\t\t<div class=\"ngg-gallery-thumbnail\">\n\t\t\t<a href=\"https:\/\/www.adamecinterier.com\/wp-content\/gallery\/predsine\/2019-06-12-14.30.48.jpg\"\n\t\t\t\ttitle=\"\"\n\t\t\t\tdata-src=\"https:\/\/www.adamecinterier.com\/wp-content\/gallery\/predsine\/2019-06-12-14.30.48.jpg\"\n\t\t\t\tdata-thumbnail=\"https:\/\/www.adamecinterier.com\/wp-content\/gallery\/predsine\/thumbs\/thumbs_2019-06-12-14.30.48.jpg\"\n\t\t\t\tdata-image-id=\"98\"\n\t\t\t\tdata-title=\"p1\"\n\t\t\t\tdata-description=\"\"\n\t\t\t\tdata-image-slug=\"2019-06-12-14-30-48\"\n\t\t\t\tclass=\"ngg-fancybox\" rel=\"fdf31dafee7453747de172dedd0f4984\">\n\t\t\t\t<img\n\t\t\t\t\ttitle=\"p1\"\n\t\t\t\t\talt=\"p1\"\n\t\t\t\t\tsrc=\"https:\/\/www.adamecinterier.com\/wp-content\/gallery\/predsine\/thumbs\/thumbs_2019-06-12-14.30.48.jpg\"\n\t\t\t\t\twidth=\"240\"\n\t\t\t\t\theight=\"160\"\n\t\t\t\t\tstyle=\"max-width:100%;\"\n\t\t\t\t\/>\n\t\t\t<\/a>\n\t\t<\/div>\n\t\t\t\t\t\t\t<\/div> \n\t\t\t\n\t\t\t\t<div id=\"ngg-image-18\" class=\"ngg-gallery-thumbnail-box \n\t\t\t\t\t\t\t\t\t\t\t\" \n\t\t\t>\n\t\t\t\t\t\t<div class=\"ngg-gallery-thumbnail\">\n\t\t\t<a href=\"https:\/\/www.adamecinterier.com\/wp-content\/gallery\/predsine\/2019-08-15-14.29.18.jpg\"\n\t\t\t\ttitle=\"\"\n\t\t\t\tdata-src=\"https:\/\/www.adamecinterier.com\/wp-content\/gallery\/predsine\/2019-08-15-14.29.18.jpg\"\n\t\t\t\tdata-thumbnail=\"https:\/\/www.adamecinterier.com\/wp-content\/gallery\/predsine\/thumbs\/thumbs_2019-08-15-14.29.18.jpg\"\n\t\t\t\tdata-image-id=\"105\"\n\t\t\t\tdata-title=\"p2\"\n\t\t\t\tdata-description=\"\"\n\t\t\t\tdata-image-slug=\"2019-08-15-14-29-18-1\"\n\t\t\t\tclass=\"ngg-fancybox\" rel=\"fdf31dafee7453747de172dedd0f4984\">\n\t\t\t\t<img\n\t\t\t\t\ttitle=\"p2\"\n\t\t\t\t\talt=\"p2\"\n\t\t\t\t\tsrc=\"https:\/\/www.adamecinterier.com\/wp-content\/gallery\/predsine\/thumbs\/thumbs_2019-08-15-14.29.18.jpg\"\n\t\t\t\t\twidth=\"240\"\n\t\t\t\t\theight=\"160\"\n\t\t\t\t\tstyle=\"max-width:100%;\"\n\t\t\t\t\/>\n\t\t\t<\/a>\n\t\t<\/div>\n\t\t\t\t\t\t\t<\/div> \n\t\t\t\n\t\t\t\t<div id=\"ngg-image-19\" class=\"ngg-gallery-thumbnail-box \n\t\t\t\t\t\t\t\t\t\t\t\" \n\t\t\t>\n\t\t\t\t\t\t<div class=\"ngg-gallery-thumbnail\">\n\t\t\t<a href=\"https:\/\/www.adamecinterier.com\/wp-content\/gallery\/predsine\/p%C5%99eds%C3%AD%C5%88-o%C5%99ech1.JPG\"\n\t\t\t\ttitle=\"\"\n\t\t\t\tdata-src=\"https:\/\/www.adamecinterier.com\/wp-content\/gallery\/predsine\/p%C5%99eds%C3%AD%C5%88-o%C5%99ech1.JPG\"\n\t\t\t\tdata-thumbnail=\"https:\/\/www.adamecinterier.com\/wp-content\/gallery\/predsine\/thumbs\/thumbs_p%C5%99eds%C3%AD%C5%88-o%C5%99ech1.JPG\"\n\t\t\t\tdata-image-id=\"136\"\n\t\t\t\tdata-title=\"p9\"\n\t\t\t\tdata-description=\"\"\n\t\t\t\tdata-image-slug=\"p%c5%99eds%c3%ad%c5%88-o%c5%99ech1\"\n\t\t\t\tclass=\"ngg-fancybox\" rel=\"fdf31dafee7453747de172dedd0f4984\">\n\t\t\t\t<img\n\t\t\t\t\ttitle=\"p9\"\n\t\t\t\t\talt=\"p9\"\n\t\t\t\t\tsrc=\"https:\/\/www.adamecinterier.com\/wp-content\/gallery\/predsine\/thumbs\/thumbs_p%C5%99eds%C3%AD%C5%88-o%C5%99ech1.JPG\"\n\t\t\t\t\twidth=\"240\"\n\t\t\t\t\theight=\"160\"\n\t\t\t\t\tstyle=\"max-width:100%;\"\n\t\t\t\t\/>\n\t\t\t<\/a>\n\t\t<\/div>\n\t\t\t\t\t\t\t<\/div> \n\t\t\t\n\t\t\t\t<div id=\"ngg-image-20\" class=\"ngg-gallery-thumbnail-box \n\t\t\t\t\t\t\t\t\t\t\t\" \n\t\t\t>\n\t\t\t\t\t\t<div class=\"ngg-gallery-thumbnail\">\n\t\t\t<a href=\"https:\/\/www.adamecinterier.com\/wp-content\/gallery\/predsine\/1385462802709.jpg\"\n\t\t\t\ttitle=\"\"\n\t\t\t\tdata-src=\"https:\/\/www.adamecinterier.com\/wp-content\/gallery\/predsine\/1385462802709.jpg\"\n\t\t\t\tdata-thumbnail=\"https:\/\/www.adamecinterier.com\/wp-content\/gallery\/predsine\/thumbs\/thumbs_1385462802709.jpg\"\n\t\t\t\tdata-image-id=\"118\"\n\t\t\t\tdata-title=\"p3\"\n\t\t\t\tdata-description=\"\"\n\t\t\t\tdata-image-slug=\"1385462802709\"\n\t\t\t\tclass=\"ngg-fancybox\" rel=\"fdf31dafee7453747de172dedd0f4984\">\n\t\t\t\t<img\n\t\t\t\t\ttitle=\"p3\"\n\t\t\t\t\talt=\"p3\"\n\t\t\t\t\tsrc=\"https:\/\/www.adamecinterier.com\/wp-content\/gallery\/predsine\/thumbs\/thumbs_1385462802709.jpg\"\n\t\t\t\t\twidth=\"240\"\n\t\t\t\t\theight=\"160\"\n\t\t\t\t\tstyle=\"max-width:100%;\"\n\t\t\t\t\/>\n\t\t\t<\/a>\n\t\t<\/div>\n\t\t\t\t\t\t\t<\/div> \n\t\t\t\n\t\t\t\t<div id=\"ngg-image-21\" class=\"ngg-gallery-thumbnail-box \n\t\t\t\t\t\t\t\t\t\t\t\" \n\t\t\t>\n\t\t\t\t\t\t<div class=\"ngg-gallery-thumbnail\">\n\t\t\t<a href=\"https:\/\/www.adamecinterier.com\/wp-content\/gallery\/predsine\/p%C5%99eds%C3%AD%C5%88-5.JPG\"\n\t\t\t\ttitle=\"\"\n\t\t\t\tdata-src=\"https:\/\/www.adamecinterier.com\/wp-content\/gallery\/predsine\/p%C5%99eds%C3%AD%C5%88-5.JPG\"\n\t\t\t\tdata-thumbnail=\"https:\/\/www.adamecinterier.com\/wp-content\/gallery\/predsine\/thumbs\/thumbs_p%C5%99eds%C3%AD%C5%88-5.JPG\"\n\t\t\t\tdata-image-id=\"124\"\n\t\t\t\tdata-title=\"p8\"\n\t\t\t\tdata-description=\"\"\n\t\t\t\tdata-image-slug=\"p%c5%99eds%c3%ad%c5%88-5\"\n\t\t\t\tclass=\"ngg-fancybox\" rel=\"fdf31dafee7453747de172dedd0f4984\">\n\t\t\t\t<img\n\t\t\t\t\ttitle=\"p8\"\n\t\t\t\t\talt=\"p8\"\n\t\t\t\t\tsrc=\"https:\/\/www.adamecinterier.com\/wp-content\/gallery\/predsine\/thumbs\/thumbs_p%C5%99eds%C3%AD%C5%88-5.JPG\"\n\t\t\t\t\twidth=\"240\"\n\t\t\t\t\theight=\"160\"\n\t\t\t\t\tstyle=\"max-width:100%;\"\n\t\t\t\t\/>\n\t\t\t<\/a>\n\t\t<\/div>\n\t\t\t\t\t\t\t<\/div> \n\t\t\t\n\t\t\t\t<div id=\"ngg-image-22\" class=\"ngg-gallery-thumbnail-box \n\t\t\t\t\t\t\t\t\t\t\t\" \n\t\t\t>\n\t\t\t\t\t\t<div class=\"ngg-gallery-thumbnail\">\n\t\t\t<a href=\"https:\/\/www.adamecinterier.com\/wp-content\/gallery\/predsine\/obyvaci-stena.jpg\"\n\t\t\t\ttitle=\"\"\n\t\t\t\tdata-src=\"https:\/\/www.adamecinterier.com\/wp-content\/gallery\/predsine\/obyvaci-stena.jpg\"\n\t\t\t\tdata-thumbnail=\"https:\/\/www.adamecinterier.com\/wp-content\/gallery\/predsine\/thumbs\/thumbs_obyvaci-stena.jpg\"\n\t\t\t\tdata-image-id=\"182\"\n\t\t\t\tdata-title=\"obyvaci-stena\"\n\t\t\t\tdata-description=\"\"\n\t\t\t\tdata-image-slug=\"obyvaci-stena\"\n\t\t\t\tclass=\"ngg-fancybox\" rel=\"fdf31dafee7453747de172dedd0f4984\">\n\t\t\t\t<img\n\t\t\t\t\ttitle=\"obyvaci-stena\"\n\t\t\t\t\talt=\"obyvaci-stena\"\n\t\t\t\t\tsrc=\"https:\/\/www.adamecinterier.com\/wp-content\/gallery\/predsine\/thumbs\/thumbs_obyvaci-stena.jpg\"\n\t\t\t\t\twidth=\"240\"\n\t\t\t\t\theight=\"160\"\n\t\t\t\t\tstyle=\"max-width:100%;\"\n\t\t\t\t\/>\n\t\t\t<\/a>\n\t\t<\/div>\n\t\t\t\t\t\t\t<\/div> \n\t\t\t\n\t\t\t\t<div id=\"ngg-image-23\" class=\"ngg-gallery-thumbnail-box \n\t\t\t\t\t\t\t\t\t\t\t\" \n\t\t\t>\n\t\t\t\t\t\t<div class=\"ngg-gallery-thumbnail\">\n\t\t\t<a href=\"https:\/\/www.adamecinterier.com\/wp-content\/gallery\/predsine\/p%C5%99eds%C3%AD%C5%88-1.jpg\"\n\t\t\t\ttitle=\"\"\n\t\t\t\tdata-src=\"https:\/\/www.adamecinterier.com\/wp-content\/gallery\/predsine\/p%C5%99eds%C3%AD%C5%88-1.jpg\"\n\t\t\t\tdata-thumbnail=\"https:\/\/www.adamecinterier.com\/wp-content\/gallery\/predsine\/thumbs\/thumbs_p%C5%99eds%C3%AD%C5%88-1.jpg\"\n\t\t\t\tdata-image-id=\"121\"\n\t\t\t\tdata-title=\"p6\"\n\t\t\t\tdata-description=\"\"\n\t\t\t\tdata-image-slug=\"p%c5%99eds%c3%ad%c5%88-1\"\n\t\t\t\tclass=\"ngg-fancybox\" rel=\"fdf31dafee7453747de172dedd0f4984\">\n\t\t\t\t<img\n\t\t\t\t\ttitle=\"p6\"\n\t\t\t\t\talt=\"p6\"\n\t\t\t\t\tsrc=\"https:\/\/www.adamecinterier.com\/wp-content\/gallery\/predsine\/thumbs\/thumbs_p%C5%99eds%C3%AD%C5%88-1.jpg\"\n\t\t\t\t\twidth=\"240\"\n\t\t\t\t\theight=\"160\"\n\t\t\t\t\tstyle=\"max-width:100%;\"\n\t\t\t\t\/>\n\t\t\t<\/a>\n\t\t<\/div>\n\t\t\t\t\t\t\t<\/div> \n\t\t\t\n\t\n\t<br style=\"clear: both\" \/>\n\n\t\n\t\t<!-- Pagination -->\n\t\t<div class='ngg-navigation'><span class='current'>1<\/span>\n<a class='page-numbers' data-pageid='2' href='https:\/\/www.adamecinterier.com\/index.php\/predsine\/nggallery\/page\/2'>2<\/a>\n<a class='prev' href='https:\/\/www.adamecinterier.com\/index.php\/predsine\/nggallery\/page\/2' data-pageid=2>&#9658;<\/a><\/div>\t<\/div>\n\n","protected":false},"excerpt":{"rendered":"","protected":false},"author":2,"featured_media":0,"parent":0,"menu_order":0,"comment_status":"closed","ping_status":"closed","template":"","meta":{"ngg_post_thumbnail":0,"footnotes":""},"_links":{"self":[{"href":"https:\/\/www.adamecinterier.com\/index.php\/wp-json\/wp\/v2\/pages\/280"}],"collection":[{"href":"https:\/\/www.adamecinterier.com\/index.php\/wp-json\/wp\/v2\/pages"}],"about":[{"href":"https:\/\/www.adamecinterier.com\/index.php\/wp-json\/wp\/v2\/types\/page"}],"author":[{"embeddable":true,"href":"https:\/\/www.adamecinterier.com\/index.php\/wp-json\/wp\/v2\/users\/2"}],"replies":[{"embeddable":true,"href":"https:\/\/www.adamecinterier.com\/index.php\/wp-json\/wp\/v2\/comments?post=280"}],"version-history":[{"count":0,"href":"https:\/\/www.adamecinterier.com\/index.php\/wp-json\/wp\/v2\/pages\/280\/revisions"}],"wp:attachment":[{"href":"https:\/\/www.adamecinterier.com\/index.php\/wp-json\/wp\/v2\/media?parent=280"}],"curies":[{"name":"wp","href":"https:\/\/api.w.org\/{rel}","templated":true}]}}