{"id":363,"date":"2021-04-06T17:55:14","date_gmt":"2021-04-06T15:55:14","guid":{"rendered":"http:\/\/www.adamecinterier.com\/index.php\/vestavne-skrine\/"},"modified":"2021-04-06T17:55:14","modified_gmt":"2021-04-06T15:55:14","slug":"vestavne-skrine","status":"publish","type":"page","link":"https:\/\/www.adamecinterier.com\/index.php\/vestavne-skrine\/","title":{"rendered":"Vestavn\u00e9 sk\u0159\u00edn\u011b"},"content":{"rendered":"<!-- default-view.php -->\n<div\n\tclass=\"ngg-galleryoverview default-view \n\t\t\"\n\tid=\"ngg-gallery-a3b41fbc6ea335a1af4976c005cbe8a4-1\">\n\n\t\t<!-- Thumbnails -->\n\t\t\t\t<div id=\"ngg-image-0\" class=\"ngg-gallery-thumbnail-box \n\t\t\t\t\t\t\t\t\t\t\t\" \n\t\t\t>\n\t\t\t\t\t\t<div class=\"ngg-gallery-thumbnail\">\n\t\t\t<a href=\"https:\/\/www.adamecinterier.com\/wp-content\/gallery\/vestavne-skrine\/IMG_20230125_144859.jpg\"\n\t\t\t\ttitle=\"\"\n\t\t\t\tdata-src=\"https:\/\/www.adamecinterier.com\/wp-content\/gallery\/vestavne-skrine\/IMG_20230125_144859.jpg\"\n\t\t\t\tdata-thumbnail=\"https:\/\/www.adamecinterier.com\/wp-content\/gallery\/vestavne-skrine\/thumbs\/thumbs_IMG_20230125_144859.jpg\"\n\t\t\t\tdata-image-id=\"213\"\n\t\t\t\tdata-title=\"IMG_20230125_144859\"\n\t\t\t\tdata-description=\"\"\n\t\t\t\tdata-image-slug=\"img_20230125_144859\"\n\t\t\t\tclass=\"ngg-fancybox\" rel=\"a3b41fbc6ea335a1af4976c005cbe8a4\">\n\t\t\t\t<img\n\t\t\t\t\ttitle=\"IMG_20230125_144859\"\n\t\t\t\t\talt=\"IMG_20230125_144859\"\n\t\t\t\t\tsrc=\"https:\/\/www.adamecinterier.com\/wp-content\/gallery\/vestavne-skrine\/thumbs\/thumbs_IMG_20230125_144859.jpg\"\n\t\t\t\t\twidth=\"240\"\n\t\t\t\t\theight=\"160\"\n\t\t\t\t\tstyle=\"max-width:100%;\"\n\t\t\t\t\/>\n\t\t\t<\/a>\n\t\t<\/div>\n\t\t\t\t\t\t\t<\/div> \n\t\t\t\n\t\t\t\t<div id=\"ngg-image-1\" class=\"ngg-gallery-thumbnail-box \n\t\t\t\t\t\t\t\t\t\t\t\" \n\t\t\t>\n\t\t\t\t\t\t<div class=\"ngg-gallery-thumbnail\">\n\t\t\t<a href=\"https:\/\/www.adamecinterier.com\/wp-content\/gallery\/vestavne-skrine\/IMG_20220926_130751.jpg\"\n\t\t\t\ttitle=\"\"\n\t\t\t\tdata-src=\"https:\/\/www.adamecinterier.com\/wp-content\/gallery\/vestavne-skrine\/IMG_20220926_130751.jpg\"\n\t\t\t\tdata-thumbnail=\"https:\/\/www.adamecinterier.com\/wp-content\/gallery\/vestavne-skrine\/thumbs\/thumbs_IMG_20220926_130751.jpg\"\n\t\t\t\tdata-image-id=\"258\"\n\t\t\t\tdata-title=\"IMG_20220926_130751\"\n\t\t\t\tdata-description=\"\"\n\t\t\t\tdata-image-slug=\"img_20220926_130751\"\n\t\t\t\tclass=\"ngg-fancybox\" rel=\"a3b41fbc6ea335a1af4976c005cbe8a4\">\n\t\t\t\t<img\n\t\t\t\t\ttitle=\"IMG_20220926_130751\"\n\t\t\t\t\talt=\"IMG_20220926_130751\"\n\t\t\t\t\tsrc=\"https:\/\/www.adamecinterier.com\/wp-content\/gallery\/vestavne-skrine\/thumbs\/thumbs_IMG_20220926_130751.jpg\"\n\t\t\t\t\twidth=\"240\"\n\t\t\t\t\theight=\"160\"\n\t\t\t\t\tstyle=\"max-width:100%;\"\n\t\t\t\t\/>\n\t\t\t<\/a>\n\t\t<\/div>\n\t\t\t\t\t\t\t<\/div> \n\t\t\t\n\t\t\t\t<div id=\"ngg-image-2\" class=\"ngg-gallery-thumbnail-box \n\t\t\t\t\t\t\t\t\t\t\t\" \n\t\t\t>\n\t\t\t\t\t\t<div class=\"ngg-gallery-thumbnail\">\n\t\t\t<a href=\"https:\/\/www.adamecinterier.com\/wp-content\/gallery\/vestavne-skrine\/IMG_20230112_154228.jpg\"\n\t\t\t\ttitle=\"\"\n\t\t\t\tdata-src=\"https:\/\/www.adamecinterier.com\/wp-content\/gallery\/vestavne-skrine\/IMG_20230112_154228.jpg\"\n\t\t\t\tdata-thumbnail=\"https:\/\/www.adamecinterier.com\/wp-content\/gallery\/vestavne-skrine\/thumbs\/thumbs_IMG_20230112_154228.jpg\"\n\t\t\t\tdata-image-id=\"217\"\n\t\t\t\tdata-title=\"IMG_20230112_154228\"\n\t\t\t\tdata-description=\"\"\n\t\t\t\tdata-image-slug=\"img_20230112_154228\"\n\t\t\t\tclass=\"ngg-fancybox\" rel=\"a3b41fbc6ea335a1af4976c005cbe8a4\">\n\t\t\t\t<img\n\t\t\t\t\ttitle=\"IMG_20230112_154228\"\n\t\t\t\t\talt=\"IMG_20230112_154228\"\n\t\t\t\t\tsrc=\"https:\/\/www.adamecinterier.com\/wp-content\/gallery\/vestavne-skrine\/thumbs\/thumbs_IMG_20230112_154228.jpg\"\n\t\t\t\t\twidth=\"240\"\n\t\t\t\t\theight=\"160\"\n\t\t\t\t\tstyle=\"max-width:100%;\"\n\t\t\t\t\/>\n\t\t\t<\/a>\n\t\t<\/div>\n\t\t\t\t\t\t\t<\/div> \n\t\t\t\n\t\t\t\t<div id=\"ngg-image-3\" class=\"ngg-gallery-thumbnail-box \n\t\t\t\t\t\t\t\t\t\t\t\" \n\t\t\t>\n\t\t\t\t\t\t<div class=\"ngg-gallery-thumbnail\">\n\t\t\t<a href=\"https:\/\/www.adamecinterier.com\/wp-content\/gallery\/vestavne-skrine\/IMG_20230111_124702.jpg\"\n\t\t\t\ttitle=\"\"\n\t\t\t\tdata-src=\"https:\/\/www.adamecinterier.com\/wp-content\/gallery\/vestavne-skrine\/IMG_20230111_124702.jpg\"\n\t\t\t\tdata-thumbnail=\"https:\/\/www.adamecinterier.com\/wp-content\/gallery\/vestavne-skrine\/thumbs\/thumbs_IMG_20230111_124702.jpg\"\n\t\t\t\tdata-image-id=\"212\"\n\t\t\t\tdata-title=\"IMG_20230111_124702\"\n\t\t\t\tdata-description=\"\"\n\t\t\t\tdata-image-slug=\"img_20230111_124702\"\n\t\t\t\tclass=\"ngg-fancybox\" rel=\"a3b41fbc6ea335a1af4976c005cbe8a4\">\n\t\t\t\t<img\n\t\t\t\t\ttitle=\"IMG_20230111_124702\"\n\t\t\t\t\talt=\"IMG_20230111_124702\"\n\t\t\t\t\tsrc=\"https:\/\/www.adamecinterier.com\/wp-content\/gallery\/vestavne-skrine\/thumbs\/thumbs_IMG_20230111_124702.jpg\"\n\t\t\t\t\twidth=\"240\"\n\t\t\t\t\theight=\"160\"\n\t\t\t\t\tstyle=\"max-width:100%;\"\n\t\t\t\t\/>\n\t\t\t<\/a>\n\t\t<\/div>\n\t\t\t\t\t\t\t<\/div> \n\t\t\t\n\t\t\t\t<div id=\"ngg-image-4\" class=\"ngg-gallery-thumbnail-box \n\t\t\t\t\t\t\t\t\t\t\t\" \n\t\t\t>\n\t\t\t\t\t\t<div class=\"ngg-gallery-thumbnail\">\n\t\t\t<a href=\"https:\/\/www.adamecinterier.com\/wp-content\/gallery\/vestavne-skrine\/IMG_20230111_124623.jpg\"\n\t\t\t\ttitle=\"\"\n\t\t\t\tdata-src=\"https:\/\/www.adamecinterier.com\/wp-content\/gallery\/vestavne-skrine\/IMG_20230111_124623.jpg\"\n\t\t\t\tdata-thumbnail=\"https:\/\/www.adamecinterier.com\/wp-content\/gallery\/vestavne-skrine\/thumbs\/thumbs_IMG_20230111_124623.jpg\"\n\t\t\t\tdata-image-id=\"216\"\n\t\t\t\tdata-title=\"IMG_20230111_124623\"\n\t\t\t\tdata-description=\"\"\n\t\t\t\tdata-image-slug=\"img_20230111_124623\"\n\t\t\t\tclass=\"ngg-fancybox\" rel=\"a3b41fbc6ea335a1af4976c005cbe8a4\">\n\t\t\t\t<img\n\t\t\t\t\ttitle=\"IMG_20230111_124623\"\n\t\t\t\t\talt=\"IMG_20230111_124623\"\n\t\t\t\t\tsrc=\"https:\/\/www.adamecinterier.com\/wp-content\/gallery\/vestavne-skrine\/thumbs\/thumbs_IMG_20230111_124623.jpg\"\n\t\t\t\t\twidth=\"240\"\n\t\t\t\t\theight=\"160\"\n\t\t\t\t\tstyle=\"max-width:100%;\"\n\t\t\t\t\/>\n\t\t\t<\/a>\n\t\t<\/div>\n\t\t\t\t\t\t\t<\/div> \n\t\t\t\n\t\t\t\t<div id=\"ngg-image-5\" class=\"ngg-gallery-thumbnail-box \n\t\t\t\t\t\t\t\t\t\t\t\" \n\t\t\t>\n\t\t\t\t\t\t<div class=\"ngg-gallery-thumbnail\">\n\t\t\t<a href=\"https:\/\/www.adamecinterier.com\/wp-content\/gallery\/vestavne-skrine\/IMG_20230111_124535.jpg\"\n\t\t\t\ttitle=\"\"\n\t\t\t\tdata-src=\"https:\/\/www.adamecinterier.com\/wp-content\/gallery\/vestavne-skrine\/IMG_20230111_124535.jpg\"\n\t\t\t\tdata-thumbnail=\"https:\/\/www.adamecinterier.com\/wp-content\/gallery\/vestavne-skrine\/thumbs\/thumbs_IMG_20230111_124535.jpg\"\n\t\t\t\tdata-image-id=\"218\"\n\t\t\t\tdata-title=\"IMG_20230111_124535\"\n\t\t\t\tdata-description=\"\"\n\t\t\t\tdata-image-slug=\"img_20230111_124535\"\n\t\t\t\tclass=\"ngg-fancybox\" rel=\"a3b41fbc6ea335a1af4976c005cbe8a4\">\n\t\t\t\t<img\n\t\t\t\t\ttitle=\"IMG_20230111_124535\"\n\t\t\t\t\talt=\"IMG_20230111_124535\"\n\t\t\t\t\tsrc=\"https:\/\/www.adamecinterier.com\/wp-content\/gallery\/vestavne-skrine\/thumbs\/thumbs_IMG_20230111_124535.jpg\"\n\t\t\t\t\twidth=\"240\"\n\t\t\t\t\theight=\"160\"\n\t\t\t\t\tstyle=\"max-width:100%;\"\n\t\t\t\t\/>\n\t\t\t<\/a>\n\t\t<\/div>\n\t\t\t\t\t\t\t<\/div> \n\t\t\t\n\t\t\t\t<div id=\"ngg-image-6\" class=\"ngg-gallery-thumbnail-box \n\t\t\t\t\t\t\t\t\t\t\t\" \n\t\t\t>\n\t\t\t\t\t\t<div class=\"ngg-gallery-thumbnail\">\n\t\t\t<a href=\"https:\/\/www.adamecinterier.com\/wp-content\/gallery\/vestavne-skrine\/IMG_20230112_154317.jpg\"\n\t\t\t\ttitle=\"\"\n\t\t\t\tdata-src=\"https:\/\/www.adamecinterier.com\/wp-content\/gallery\/vestavne-skrine\/IMG_20230112_154317.jpg\"\n\t\t\t\tdata-thumbnail=\"https:\/\/www.adamecinterier.com\/wp-content\/gallery\/vestavne-skrine\/thumbs\/thumbs_IMG_20230112_154317.jpg\"\n\t\t\t\tdata-image-id=\"219\"\n\t\t\t\tdata-title=\"IMG_20230112_154317\"\n\t\t\t\tdata-description=\"\"\n\t\t\t\tdata-image-slug=\"img_20230112_154317\"\n\t\t\t\tclass=\"ngg-fancybox\" rel=\"a3b41fbc6ea335a1af4976c005cbe8a4\">\n\t\t\t\t<img\n\t\t\t\t\ttitle=\"IMG_20230112_154317\"\n\t\t\t\t\talt=\"IMG_20230112_154317\"\n\t\t\t\t\tsrc=\"https:\/\/www.adamecinterier.com\/wp-content\/gallery\/vestavne-skrine\/thumbs\/thumbs_IMG_20230112_154317.jpg\"\n\t\t\t\t\twidth=\"240\"\n\t\t\t\t\theight=\"160\"\n\t\t\t\t\tstyle=\"max-width:100%;\"\n\t\t\t\t\/>\n\t\t\t<\/a>\n\t\t<\/div>\n\t\t\t\t\t\t\t<\/div> \n\t\t\t\n\t\t\t\t<div id=\"ngg-image-7\" class=\"ngg-gallery-thumbnail-box \n\t\t\t\t\t\t\t\t\t\t\t\" \n\t\t\t>\n\t\t\t\t\t\t<div class=\"ngg-gallery-thumbnail\">\n\t\t\t<a href=\"https:\/\/www.adamecinterier.com\/wp-content\/gallery\/vestavne-skrine\/IMG_20230116_133325.jpg\"\n\t\t\t\ttitle=\"\"\n\t\t\t\tdata-src=\"https:\/\/www.adamecinterier.com\/wp-content\/gallery\/vestavne-skrine\/IMG_20230116_133325.jpg\"\n\t\t\t\tdata-thumbnail=\"https:\/\/www.adamecinterier.com\/wp-content\/gallery\/vestavne-skrine\/thumbs\/thumbs_IMG_20230116_133325.jpg\"\n\t\t\t\tdata-image-id=\"215\"\n\t\t\t\tdata-title=\"IMG_20230116_133325\"\n\t\t\t\tdata-description=\"\"\n\t\t\t\tdata-image-slug=\"img_20230116_133325\"\n\t\t\t\tclass=\"ngg-fancybox\" rel=\"a3b41fbc6ea335a1af4976c005cbe8a4\">\n\t\t\t\t<img\n\t\t\t\t\ttitle=\"IMG_20230116_133325\"\n\t\t\t\t\talt=\"IMG_20230116_133325\"\n\t\t\t\t\tsrc=\"https:\/\/www.adamecinterier.com\/wp-content\/gallery\/vestavne-skrine\/thumbs\/thumbs_IMG_20230116_133325.jpg\"\n\t\t\t\t\twidth=\"240\"\n\t\t\t\t\theight=\"160\"\n\t\t\t\t\tstyle=\"max-width:100%;\"\n\t\t\t\t\/>\n\t\t\t<\/a>\n\t\t<\/div>\n\t\t\t\t\t\t\t<\/div> \n\t\t\t\n\t\t\t\t<div id=\"ngg-image-8\" class=\"ngg-gallery-thumbnail-box \n\t\t\t\t\t\t\t\t\t\t\t\" \n\t\t\t>\n\t\t\t\t\t\t<div class=\"ngg-gallery-thumbnail\">\n\t\t\t<a href=\"https:\/\/www.adamecinterier.com\/wp-content\/gallery\/vestavne-skrine\/2022-06-14-12.53.12.jpg\"\n\t\t\t\ttitle=\"\"\n\t\t\t\tdata-src=\"https:\/\/www.adamecinterier.com\/wp-content\/gallery\/vestavne-skrine\/2022-06-14-12.53.12.jpg\"\n\t\t\t\tdata-thumbnail=\"https:\/\/www.adamecinterier.com\/wp-content\/gallery\/vestavne-skrine\/thumbs\/thumbs_2022-06-14-12.53.12.jpg\"\n\t\t\t\tdata-image-id=\"220\"\n\t\t\t\tdata-title=\"2022-06-14-12.53.12\"\n\t\t\t\tdata-description=\"\"\n\t\t\t\tdata-image-slug=\"2022-06-14-12-53-12\"\n\t\t\t\tclass=\"ngg-fancybox\" rel=\"a3b41fbc6ea335a1af4976c005cbe8a4\">\n\t\t\t\t<img\n\t\t\t\t\ttitle=\"2022-06-14-12.53.12\"\n\t\t\t\t\talt=\"2022-06-14-12.53.12\"\n\t\t\t\t\tsrc=\"https:\/\/www.adamecinterier.com\/wp-content\/gallery\/vestavne-skrine\/thumbs\/thumbs_2022-06-14-12.53.12.jpg\"\n\t\t\t\t\twidth=\"240\"\n\t\t\t\t\theight=\"160\"\n\t\t\t\t\tstyle=\"max-width:100%;\"\n\t\t\t\t\/>\n\t\t\t<\/a>\n\t\t<\/div>\n\t\t\t\t\t\t\t<\/div> \n\t\t\t\n\t\t\t\t<div id=\"ngg-image-9\" class=\"ngg-gallery-thumbnail-box \n\t\t\t\t\t\t\t\t\t\t\t\" \n\t\t\t>\n\t\t\t\t\t\t<div class=\"ngg-gallery-thumbnail\">\n\t\t\t<a href=\"https:\/\/www.adamecinterier.com\/wp-content\/gallery\/vestavne-skrine\/2022-06-14-12.52.42.jpg\"\n\t\t\t\ttitle=\"\"\n\t\t\t\tdata-src=\"https:\/\/www.adamecinterier.com\/wp-content\/gallery\/vestavne-skrine\/2022-06-14-12.52.42.jpg\"\n\t\t\t\tdata-thumbnail=\"https:\/\/www.adamecinterier.com\/wp-content\/gallery\/vestavne-skrine\/thumbs\/thumbs_2022-06-14-12.52.42.jpg\"\n\t\t\t\tdata-image-id=\"221\"\n\t\t\t\tdata-title=\"2022-06-14-12.52.42\"\n\t\t\t\tdata-description=\"\"\n\t\t\t\tdata-image-slug=\"2022-06-14-12-52-42\"\n\t\t\t\tclass=\"ngg-fancybox\" rel=\"a3b41fbc6ea335a1af4976c005cbe8a4\">\n\t\t\t\t<img\n\t\t\t\t\ttitle=\"2022-06-14-12.52.42\"\n\t\t\t\t\talt=\"2022-06-14-12.52.42\"\n\t\t\t\t\tsrc=\"https:\/\/www.adamecinterier.com\/wp-content\/gallery\/vestavne-skrine\/thumbs\/thumbs_2022-06-14-12.52.42.jpg\"\n\t\t\t\t\twidth=\"240\"\n\t\t\t\t\theight=\"160\"\n\t\t\t\t\tstyle=\"max-width:100%;\"\n\t\t\t\t\/>\n\t\t\t<\/a>\n\t\t<\/div>\n\t\t\t\t\t\t\t<\/div> \n\t\t\t\n\t\t\t\t<div id=\"ngg-image-10\" class=\"ngg-gallery-thumbnail-box \n\t\t\t\t\t\t\t\t\t\t\t\" \n\t\t\t>\n\t\t\t\t\t\t<div class=\"ngg-gallery-thumbnail\">\n\t\t\t<a href=\"https:\/\/www.adamecinterier.com\/wp-content\/gallery\/vestavne-skrine\/2022-06-14-12.53.05.jpg\"\n\t\t\t\ttitle=\"\"\n\t\t\t\tdata-src=\"https:\/\/www.adamecinterier.com\/wp-content\/gallery\/vestavne-skrine\/2022-06-14-12.53.05.jpg\"\n\t\t\t\tdata-thumbnail=\"https:\/\/www.adamecinterier.com\/wp-content\/gallery\/vestavne-skrine\/thumbs\/thumbs_2022-06-14-12.53.05.jpg\"\n\t\t\t\tdata-image-id=\"222\"\n\t\t\t\tdata-title=\"2022-06-14-12.53.05\"\n\t\t\t\tdata-description=\"\"\n\t\t\t\tdata-image-slug=\"2022-06-14-12-53-05\"\n\t\t\t\tclass=\"ngg-fancybox\" rel=\"a3b41fbc6ea335a1af4976c005cbe8a4\">\n\t\t\t\t<img\n\t\t\t\t\ttitle=\"2022-06-14-12.53.05\"\n\t\t\t\t\talt=\"2022-06-14-12.53.05\"\n\t\t\t\t\tsrc=\"https:\/\/www.adamecinterier.com\/wp-content\/gallery\/vestavne-skrine\/thumbs\/thumbs_2022-06-14-12.53.05.jpg\"\n\t\t\t\t\twidth=\"240\"\n\t\t\t\t\theight=\"160\"\n\t\t\t\t\tstyle=\"max-width:100%;\"\n\t\t\t\t\/>\n\t\t\t<\/a>\n\t\t<\/div>\n\t\t\t\t\t\t\t<\/div> \n\t\t\t\n\t\t\t\t<div id=\"ngg-image-11\" class=\"ngg-gallery-thumbnail-box \n\t\t\t\t\t\t\t\t\t\t\t\" \n\t\t\t>\n\t\t\t\t\t\t<div class=\"ngg-gallery-thumbnail\">\n\t\t\t<a href=\"https:\/\/www.adamecinterier.com\/wp-content\/gallery\/vestavne-skrine\/2020-08-20-16.01.00.jpg\"\n\t\t\t\ttitle=\"\"\n\t\t\t\tdata-src=\"https:\/\/www.adamecinterier.com\/wp-content\/gallery\/vestavne-skrine\/2020-08-20-16.01.00.jpg\"\n\t\t\t\tdata-thumbnail=\"https:\/\/www.adamecinterier.com\/wp-content\/gallery\/vestavne-skrine\/thumbs\/thumbs_2020-08-20-16.01.00.jpg\"\n\t\t\t\tdata-image-id=\"166\"\n\t\t\t\tdata-title=\"2020-08-20-16.01.00\"\n\t\t\t\tdata-description=\"\"\n\t\t\t\tdata-image-slug=\"2020-08-20-16-01-00\"\n\t\t\t\tclass=\"ngg-fancybox\" rel=\"a3b41fbc6ea335a1af4976c005cbe8a4\">\n\t\t\t\t<img\n\t\t\t\t\ttitle=\"2020-08-20-16.01.00\"\n\t\t\t\t\talt=\"2020-08-20-16.01.00\"\n\t\t\t\t\tsrc=\"https:\/\/www.adamecinterier.com\/wp-content\/gallery\/vestavne-skrine\/thumbs\/thumbs_2020-08-20-16.01.00.jpg\"\n\t\t\t\t\twidth=\"240\"\n\t\t\t\t\theight=\"160\"\n\t\t\t\t\tstyle=\"max-width:100%;\"\n\t\t\t\t\/>\n\t\t\t<\/a>\n\t\t<\/div>\n\t\t\t\t\t\t\t<\/div> \n\t\t\t\n\t\t\t\t<div id=\"ngg-image-12\" class=\"ngg-gallery-thumbnail-box \n\t\t\t\t\t\t\t\t\t\t\t\" \n\t\t\t>\n\t\t\t\t\t\t<div class=\"ngg-gallery-thumbnail\">\n\t\t\t<a href=\"https:\/\/www.adamecinterier.com\/wp-content\/gallery\/vestavne-skrine\/2020-04-16-15.42.49.jpg\"\n\t\t\t\ttitle=\"\"\n\t\t\t\tdata-src=\"https:\/\/www.adamecinterier.com\/wp-content\/gallery\/vestavne-skrine\/2020-04-16-15.42.49.jpg\"\n\t\t\t\tdata-thumbnail=\"https:\/\/www.adamecinterier.com\/wp-content\/gallery\/vestavne-skrine\/thumbs\/thumbs_2020-04-16-15.42.49.jpg\"\n\t\t\t\tdata-image-id=\"167\"\n\t\t\t\tdata-title=\"2020-04-16-15.42.49\"\n\t\t\t\tdata-description=\"\"\n\t\t\t\tdata-image-slug=\"2020-04-16-15-42-49\"\n\t\t\t\tclass=\"ngg-fancybox\" rel=\"a3b41fbc6ea335a1af4976c005cbe8a4\">\n\t\t\t\t<img\n\t\t\t\t\ttitle=\"2020-04-16-15.42.49\"\n\t\t\t\t\talt=\"2020-04-16-15.42.49\"\n\t\t\t\t\tsrc=\"https:\/\/www.adamecinterier.com\/wp-content\/gallery\/vestavne-skrine\/thumbs\/thumbs_2020-04-16-15.42.49.jpg\"\n\t\t\t\t\twidth=\"240\"\n\t\t\t\t\theight=\"160\"\n\t\t\t\t\tstyle=\"max-width:100%;\"\n\t\t\t\t\/>\n\t\t\t<\/a>\n\t\t<\/div>\n\t\t\t\t\t\t\t<\/div> \n\t\t\t\n\t\t\t\t<div id=\"ngg-image-13\" class=\"ngg-gallery-thumbnail-box \n\t\t\t\t\t\t\t\t\t\t\t\" \n\t\t\t>\n\t\t\t\t\t\t<div class=\"ngg-gallery-thumbnail\">\n\t\t\t<a href=\"https:\/\/www.adamecinterier.com\/wp-content\/gallery\/vestavne-skrine\/2020-07-24-13.51.13.jpg\"\n\t\t\t\ttitle=\"\"\n\t\t\t\tdata-src=\"https:\/\/www.adamecinterier.com\/wp-content\/gallery\/vestavne-skrine\/2020-07-24-13.51.13.jpg\"\n\t\t\t\tdata-thumbnail=\"https:\/\/www.adamecinterier.com\/wp-content\/gallery\/vestavne-skrine\/thumbs\/thumbs_2020-07-24-13.51.13.jpg\"\n\t\t\t\tdata-image-id=\"168\"\n\t\t\t\tdata-title=\"2020-07-24-13.51.13\"\n\t\t\t\tdata-description=\"\"\n\t\t\t\tdata-image-slug=\"2020-07-24-13-51-13\"\n\t\t\t\tclass=\"ngg-fancybox\" rel=\"a3b41fbc6ea335a1af4976c005cbe8a4\">\n\t\t\t\t<img\n\t\t\t\t\ttitle=\"2020-07-24-13.51.13\"\n\t\t\t\t\talt=\"2020-07-24-13.51.13\"\n\t\t\t\t\tsrc=\"https:\/\/www.adamecinterier.com\/wp-content\/gallery\/vestavne-skrine\/thumbs\/thumbs_2020-07-24-13.51.13.jpg\"\n\t\t\t\t\twidth=\"240\"\n\t\t\t\t\theight=\"160\"\n\t\t\t\t\tstyle=\"max-width:100%;\"\n\t\t\t\t\/>\n\t\t\t<\/a>\n\t\t<\/div>\n\t\t\t\t\t\t\t<\/div> \n\t\t\t\n\t\t\t\t<div id=\"ngg-image-14\" class=\"ngg-gallery-thumbnail-box \n\t\t\t\t\t\t\t\t\t\t\t\" \n\t\t\t>\n\t\t\t\t\t\t<div class=\"ngg-gallery-thumbnail\">\n\t\t\t<a href=\"https:\/\/www.adamecinterier.com\/wp-content\/gallery\/vestavne-skrine\/IMG_20230127_141011.jpg\"\n\t\t\t\ttitle=\"\"\n\t\t\t\tdata-src=\"https:\/\/www.adamecinterier.com\/wp-content\/gallery\/vestavne-skrine\/IMG_20230127_141011.jpg\"\n\t\t\t\tdata-thumbnail=\"https:\/\/www.adamecinterier.com\/wp-content\/gallery\/vestavne-skrine\/thumbs\/thumbs_IMG_20230127_141011.jpg\"\n\t\t\t\tdata-image-id=\"211\"\n\t\t\t\tdata-title=\"IMG_20230127_141011\"\n\t\t\t\tdata-description=\"\"\n\t\t\t\tdata-image-slug=\"img_20230127_141011\"\n\t\t\t\tclass=\"ngg-fancybox\" rel=\"a3b41fbc6ea335a1af4976c005cbe8a4\">\n\t\t\t\t<img\n\t\t\t\t\ttitle=\"IMG_20230127_141011\"\n\t\t\t\t\talt=\"IMG_20230127_141011\"\n\t\t\t\t\tsrc=\"https:\/\/www.adamecinterier.com\/wp-content\/gallery\/vestavne-skrine\/thumbs\/thumbs_IMG_20230127_141011.jpg\"\n\t\t\t\t\twidth=\"240\"\n\t\t\t\t\theight=\"160\"\n\t\t\t\t\tstyle=\"max-width:100%;\"\n\t\t\t\t\/>\n\t\t\t<\/a>\n\t\t<\/div>\n\t\t\t\t\t\t\t<\/div> \n\t\t\t\n\t\t\t\t<div id=\"ngg-image-15\" class=\"ngg-gallery-thumbnail-box \n\t\t\t\t\t\t\t\t\t\t\t\" \n\t\t\t>\n\t\t\t\t\t\t<div class=\"ngg-gallery-thumbnail\">\n\t\t\t<a href=\"https:\/\/www.adamecinterier.com\/wp-content\/gallery\/vestavne-skrine\/IMG_20230127_141259.jpg\"\n\t\t\t\ttitle=\"\"\n\t\t\t\tdata-src=\"https:\/\/www.adamecinterier.com\/wp-content\/gallery\/vestavne-skrine\/IMG_20230127_141259.jpg\"\n\t\t\t\tdata-thumbnail=\"https:\/\/www.adamecinterier.com\/wp-content\/gallery\/vestavne-skrine\/thumbs\/thumbs_IMG_20230127_141259.jpg\"\n\t\t\t\tdata-image-id=\"214\"\n\t\t\t\tdata-title=\"IMG_20230127_141259\"\n\t\t\t\tdata-description=\"\"\n\t\t\t\tdata-image-slug=\"img_20230127_141259\"\n\t\t\t\tclass=\"ngg-fancybox\" rel=\"a3b41fbc6ea335a1af4976c005cbe8a4\">\n\t\t\t\t<img\n\t\t\t\t\ttitle=\"IMG_20230127_141259\"\n\t\t\t\t\talt=\"IMG_20230127_141259\"\n\t\t\t\t\tsrc=\"https:\/\/www.adamecinterier.com\/wp-content\/gallery\/vestavne-skrine\/thumbs\/thumbs_IMG_20230127_141259.jpg\"\n\t\t\t\t\twidth=\"240\"\n\t\t\t\t\theight=\"160\"\n\t\t\t\t\tstyle=\"max-width:100%;\"\n\t\t\t\t\/>\n\t\t\t<\/a>\n\t\t<\/div>\n\t\t\t\t\t\t\t<\/div> \n\t\t\t\n\t\t\t\t<div id=\"ngg-image-16\" class=\"ngg-gallery-thumbnail-box \n\t\t\t\t\t\t\t\t\t\t\t\" \n\t\t\t>\n\t\t\t\t\t\t<div class=\"ngg-gallery-thumbnail\">\n\t\t\t<a href=\"https:\/\/www.adamecinterier.com\/wp-content\/gallery\/vestavne-skrine\/2019-08-20-18.28.42.jpg\"\n\t\t\t\ttitle=\"\"\n\t\t\t\tdata-src=\"https:\/\/www.adamecinterier.com\/wp-content\/gallery\/vestavne-skrine\/2019-08-20-18.28.42.jpg\"\n\t\t\t\tdata-thumbnail=\"https:\/\/www.adamecinterier.com\/wp-content\/gallery\/vestavne-skrine\/thumbs\/thumbs_2019-08-20-18.28.42.jpg\"\n\t\t\t\tdata-image-id=\"65\"\n\t\t\t\tdata-title=\"2019-08-20-18.28.42\"\n\t\t\t\tdata-description=\"\"\n\t\t\t\tdata-image-slug=\"2019-08-20-18-28-42\"\n\t\t\t\tclass=\"ngg-fancybox\" rel=\"a3b41fbc6ea335a1af4976c005cbe8a4\">\n\t\t\t\t<img\n\t\t\t\t\ttitle=\"2019-08-20-18.28.42\"\n\t\t\t\t\talt=\"2019-08-20-18.28.42\"\n\t\t\t\t\tsrc=\"https:\/\/www.adamecinterier.com\/wp-content\/gallery\/vestavne-skrine\/thumbs\/thumbs_2019-08-20-18.28.42.jpg\"\n\t\t\t\t\twidth=\"240\"\n\t\t\t\t\theight=\"160\"\n\t\t\t\t\tstyle=\"max-width:100%;\"\n\t\t\t\t\/>\n\t\t\t<\/a>\n\t\t<\/div>\n\t\t\t\t\t\t\t<\/div> \n\t\t\t\n\t\t\t\t<div id=\"ngg-image-17\" class=\"ngg-gallery-thumbnail-box \n\t\t\t\t\t\t\t\t\t\t\t\" \n\t\t\t>\n\t\t\t\t\t\t<div class=\"ngg-gallery-thumbnail\">\n\t\t\t<a href=\"https:\/\/www.adamecinterier.com\/wp-content\/gallery\/vestavne-skrine\/2019-08-20-18.29.23.jpg\"\n\t\t\t\ttitle=\"\"\n\t\t\t\tdata-src=\"https:\/\/www.adamecinterier.com\/wp-content\/gallery\/vestavne-skrine\/2019-08-20-18.29.23.jpg\"\n\t\t\t\tdata-thumbnail=\"https:\/\/www.adamecinterier.com\/wp-content\/gallery\/vestavne-skrine\/thumbs\/thumbs_2019-08-20-18.29.23.jpg\"\n\t\t\t\tdata-image-id=\"66\"\n\t\t\t\tdata-title=\"2019-08-20-18.29.23\"\n\t\t\t\tdata-description=\"\"\n\t\t\t\tdata-image-slug=\"2019-08-20-18-29-23\"\n\t\t\t\tclass=\"ngg-fancybox\" rel=\"a3b41fbc6ea335a1af4976c005cbe8a4\">\n\t\t\t\t<img\n\t\t\t\t\ttitle=\"2019-08-20-18.29.23\"\n\t\t\t\t\talt=\"2019-08-20-18.29.23\"\n\t\t\t\t\tsrc=\"https:\/\/www.adamecinterier.com\/wp-content\/gallery\/vestavne-skrine\/thumbs\/thumbs_2019-08-20-18.29.23.jpg\"\n\t\t\t\t\twidth=\"240\"\n\t\t\t\t\theight=\"160\"\n\t\t\t\t\tstyle=\"max-width:100%;\"\n\t\t\t\t\/>\n\t\t\t<\/a>\n\t\t<\/div>\n\t\t\t\t\t\t\t<\/div> \n\t\t\t\n\t\t\t\t<div id=\"ngg-image-18\" class=\"ngg-gallery-thumbnail-box \n\t\t\t\t\t\t\t\t\t\t\t\" \n\t\t\t>\n\t\t\t\t\t\t<div class=\"ngg-gallery-thumbnail\">\n\t\t\t<a href=\"https:\/\/www.adamecinterier.com\/wp-content\/gallery\/vestavne-skrine\/IMG_20221125_145149.jpg\"\n\t\t\t\ttitle=\"\"\n\t\t\t\tdata-src=\"https:\/\/www.adamecinterier.com\/wp-content\/gallery\/vestavne-skrine\/IMG_20221125_145149.jpg\"\n\t\t\t\tdata-thumbnail=\"https:\/\/www.adamecinterier.com\/wp-content\/gallery\/vestavne-skrine\/thumbs\/thumbs_IMG_20221125_145149.jpg\"\n\t\t\t\tdata-image-id=\"261\"\n\t\t\t\tdata-title=\"IMG_20221125_145149\"\n\t\t\t\tdata-description=\"\"\n\t\t\t\tdata-image-slug=\"img_20221125_145149\"\n\t\t\t\tclass=\"ngg-fancybox\" rel=\"a3b41fbc6ea335a1af4976c005cbe8a4\">\n\t\t\t\t<img\n\t\t\t\t\ttitle=\"IMG_20221125_145149\"\n\t\t\t\t\talt=\"IMG_20221125_145149\"\n\t\t\t\t\tsrc=\"https:\/\/www.adamecinterier.com\/wp-content\/gallery\/vestavne-skrine\/thumbs\/thumbs_IMG_20221125_145149.jpg\"\n\t\t\t\t\twidth=\"240\"\n\t\t\t\t\theight=\"160\"\n\t\t\t\t\tstyle=\"max-width:100%;\"\n\t\t\t\t\/>\n\t\t\t<\/a>\n\t\t<\/div>\n\t\t\t\t\t\t\t<\/div> \n\t\t\t\n\t\t\t\t<div id=\"ngg-image-19\" class=\"ngg-gallery-thumbnail-box \n\t\t\t\t\t\t\t\t\t\t\t\" \n\t\t\t>\n\t\t\t\t\t\t<div class=\"ngg-gallery-thumbnail\">\n\t\t\t<a href=\"https:\/\/www.adamecinterier.com\/wp-content\/gallery\/vestavne-skrine\/2021-09-23-12.35.47.jpg\"\n\t\t\t\ttitle=\"\"\n\t\t\t\tdata-src=\"https:\/\/www.adamecinterier.com\/wp-content\/gallery\/vestavne-skrine\/2021-09-23-12.35.47.jpg\"\n\t\t\t\tdata-thumbnail=\"https:\/\/www.adamecinterier.com\/wp-content\/gallery\/vestavne-skrine\/thumbs\/thumbs_2021-09-23-12.35.47.jpg\"\n\t\t\t\tdata-image-id=\"246\"\n\t\t\t\tdata-title=\"2021-09-23-12.35.47\"\n\t\t\t\tdata-description=\"\"\n\t\t\t\tdata-image-slug=\"2021-09-23-12-35-47\"\n\t\t\t\tclass=\"ngg-fancybox\" rel=\"a3b41fbc6ea335a1af4976c005cbe8a4\">\n\t\t\t\t<img\n\t\t\t\t\ttitle=\"2021-09-23-12.35.47\"\n\t\t\t\t\talt=\"2021-09-23-12.35.47\"\n\t\t\t\t\tsrc=\"https:\/\/www.adamecinterier.com\/wp-content\/gallery\/vestavne-skrine\/thumbs\/thumbs_2021-09-23-12.35.47.jpg\"\n\t\t\t\t\twidth=\"240\"\n\t\t\t\t\theight=\"160\"\n\t\t\t\t\tstyle=\"max-width:100%;\"\n\t\t\t\t\/>\n\t\t\t<\/a>\n\t\t<\/div>\n\t\t\t\t\t\t\t<\/div> \n\t\t\t\n\t\t\t\t<div id=\"ngg-image-20\" class=\"ngg-gallery-thumbnail-box \n\t\t\t\t\t\t\t\t\t\t\t\" \n\t\t\t>\n\t\t\t\t\t\t<div class=\"ngg-gallery-thumbnail\">\n\t\t\t<a href=\"https:\/\/www.adamecinterier.com\/wp-content\/gallery\/vestavne-skrine\/2021-09-22-12.30.30.jpg\"\n\t\t\t\ttitle=\"\"\n\t\t\t\tdata-src=\"https:\/\/www.adamecinterier.com\/wp-content\/gallery\/vestavne-skrine\/2021-09-22-12.30.30.jpg\"\n\t\t\t\tdata-thumbnail=\"https:\/\/www.adamecinterier.com\/wp-content\/gallery\/vestavne-skrine\/thumbs\/thumbs_2021-09-22-12.30.30.jpg\"\n\t\t\t\tdata-image-id=\"245\"\n\t\t\t\tdata-title=\"2021-09-22-12.30.30\"\n\t\t\t\tdata-description=\"\"\n\t\t\t\tdata-image-slug=\"2021-09-22-12-30-30\"\n\t\t\t\tclass=\"ngg-fancybox\" rel=\"a3b41fbc6ea335a1af4976c005cbe8a4\">\n\t\t\t\t<img\n\t\t\t\t\ttitle=\"2021-09-22-12.30.30\"\n\t\t\t\t\talt=\"2021-09-22-12.30.30\"\n\t\t\t\t\tsrc=\"https:\/\/www.adamecinterier.com\/wp-content\/gallery\/vestavne-skrine\/thumbs\/thumbs_2021-09-22-12.30.30.jpg\"\n\t\t\t\t\twidth=\"240\"\n\t\t\t\t\theight=\"160\"\n\t\t\t\t\tstyle=\"max-width:100%;\"\n\t\t\t\t\/>\n\t\t\t<\/a>\n\t\t<\/div>\n\t\t\t\t\t\t\t<\/div> \n\t\t\t\n\t\t\t\t<div id=\"ngg-image-21\" class=\"ngg-gallery-thumbnail-box \n\t\t\t\t\t\t\t\t\t\t\t\" \n\t\t\t>\n\t\t\t\t\t\t<div class=\"ngg-gallery-thumbnail\">\n\t\t\t<a href=\"https:\/\/www.adamecinterier.com\/wp-content\/gallery\/vestavne-skrine\/IMG_20210922_122957.jpg\"\n\t\t\t\ttitle=\"\"\n\t\t\t\tdata-src=\"https:\/\/www.adamecinterier.com\/wp-content\/gallery\/vestavne-skrine\/IMG_20210922_122957.jpg\"\n\t\t\t\tdata-thumbnail=\"https:\/\/www.adamecinterier.com\/wp-content\/gallery\/vestavne-skrine\/thumbs\/thumbs_IMG_20210922_122957.jpg\"\n\t\t\t\tdata-image-id=\"247\"\n\t\t\t\tdata-title=\"IMG_20210922_122957\"\n\t\t\t\tdata-description=\"\"\n\t\t\t\tdata-image-slug=\"img_20210922_122957\"\n\t\t\t\tclass=\"ngg-fancybox\" rel=\"a3b41fbc6ea335a1af4976c005cbe8a4\">\n\t\t\t\t<img\n\t\t\t\t\ttitle=\"IMG_20210922_122957\"\n\t\t\t\t\talt=\"IMG_20210922_122957\"\n\t\t\t\t\tsrc=\"https:\/\/www.adamecinterier.com\/wp-content\/gallery\/vestavne-skrine\/thumbs\/thumbs_IMG_20210922_122957.jpg\"\n\t\t\t\t\twidth=\"240\"\n\t\t\t\t\theight=\"160\"\n\t\t\t\t\tstyle=\"max-width:100%;\"\n\t\t\t\t\/>\n\t\t\t<\/a>\n\t\t<\/div>\n\t\t\t\t\t\t\t<\/div> \n\t\t\t\n\t\t\t\t<div id=\"ngg-image-22\" class=\"ngg-gallery-thumbnail-box \n\t\t\t\t\t\t\t\t\t\t\t\" \n\t\t\t>\n\t\t\t\t\t\t<div class=\"ngg-gallery-thumbnail\">\n\t\t\t<a href=\"https:\/\/www.adamecinterier.com\/wp-content\/gallery\/vestavne-skrine\/IMG_20160323_124017.jpg\"\n\t\t\t\ttitle=\"\"\n\t\t\t\tdata-src=\"https:\/\/www.adamecinterier.com\/wp-content\/gallery\/vestavne-skrine\/IMG_20160323_124017.jpg\"\n\t\t\t\tdata-thumbnail=\"https:\/\/www.adamecinterier.com\/wp-content\/gallery\/vestavne-skrine\/thumbs\/thumbs_IMG_20160323_124017.jpg\"\n\t\t\t\tdata-image-id=\"151\"\n\t\t\t\tdata-title=\"IMG_20160323_124017\"\n\t\t\t\tdata-description=\"\"\n\t\t\t\tdata-image-slug=\"img_20160323_124017\"\n\t\t\t\tclass=\"ngg-fancybox\" rel=\"a3b41fbc6ea335a1af4976c005cbe8a4\">\n\t\t\t\t<img\n\t\t\t\t\ttitle=\"IMG_20160323_124017\"\n\t\t\t\t\talt=\"IMG_20160323_124017\"\n\t\t\t\t\tsrc=\"https:\/\/www.adamecinterier.com\/wp-content\/gallery\/vestavne-skrine\/thumbs\/thumbs_IMG_20160323_124017.jpg\"\n\t\t\t\t\twidth=\"240\"\n\t\t\t\t\theight=\"160\"\n\t\t\t\t\tstyle=\"max-width:100%;\"\n\t\t\t\t\/>\n\t\t\t<\/a>\n\t\t<\/div>\n\t\t\t\t\t\t\t<\/div> \n\t\t\t\n\t\t\t\t<div id=\"ngg-image-23\" class=\"ngg-gallery-thumbnail-box \n\t\t\t\t\t\t\t\t\t\t\t\" \n\t\t\t>\n\t\t\t\t\t\t<div class=\"ngg-gallery-thumbnail\">\n\t\t\t<a href=\"https:\/\/www.adamecinterier.com\/wp-content\/gallery\/vestavne-skrine\/2019-04-12-10.32.36.jpg\"\n\t\t\t\ttitle=\"\"\n\t\t\t\tdata-src=\"https:\/\/www.adamecinterier.com\/wp-content\/gallery\/vestavne-skrine\/2019-04-12-10.32.36.jpg\"\n\t\t\t\tdata-thumbnail=\"https:\/\/www.adamecinterier.com\/wp-content\/gallery\/vestavne-skrine\/thumbs\/thumbs_2019-04-12-10.32.36.jpg\"\n\t\t\t\tdata-image-id=\"233\"\n\t\t\t\tdata-title=\"dav\"\n\t\t\t\tdata-description=\"\"\n\t\t\t\tdata-image-slug=\"2019-04-12-10-32-36\"\n\t\t\t\tclass=\"ngg-fancybox\" rel=\"a3b41fbc6ea335a1af4976c005cbe8a4\">\n\t\t\t\t<img\n\t\t\t\t\ttitle=\"dav\"\n\t\t\t\t\talt=\"dav\"\n\t\t\t\t\tsrc=\"https:\/\/www.adamecinterier.com\/wp-content\/gallery\/vestavne-skrine\/thumbs\/thumbs_2019-04-12-10.32.36.jpg\"\n\t\t\t\t\twidth=\"240\"\n\t\t\t\t\theight=\"160\"\n\t\t\t\t\tstyle=\"max-width:100%;\"\n\t\t\t\t\/>\n\t\t\t<\/a>\n\t\t<\/div>\n\t\t\t\t\t\t\t<\/div> \n\t\t\t\n\t\n\t<br style=\"clear: both\" \/>\n\n\t\n\t\t<!-- Pagination -->\n\t\t<div class='ngg-navigation'><span class='current'>1<\/span>\n<a class='page-numbers' data-pageid='2' href='https:\/\/www.adamecinterier.com\/index.php\/vestavne-skrine\/nggallery\/page\/2'>2<\/a>\n<a class='page-numbers' data-pageid='3' href='https:\/\/www.adamecinterier.com\/index.php\/vestavne-skrine\/nggallery\/page\/3'>3<\/a>\n<a class='prev' href='https:\/\/www.adamecinterier.com\/index.php\/vestavne-skrine\/nggallery\/page\/2' data-pageid=2>&#9658;<\/a><\/div>\t<\/div>\n\n","protected":false},"excerpt":{"rendered":"","protected":false},"author":2,"featured_media":0,"parent":0,"menu_order":0,"comment_status":"closed","ping_status":"closed","template":"","meta":{"ngg_post_thumbnail":0,"footnotes":""},"_links":{"self":[{"href":"https:\/\/www.adamecinterier.com\/index.php\/wp-json\/wp\/v2\/pages\/363"}],"collection":[{"href":"https:\/\/www.adamecinterier.com\/index.php\/wp-json\/wp\/v2\/pages"}],"about":[{"href":"https:\/\/www.adamecinterier.com\/index.php\/wp-json\/wp\/v2\/types\/page"}],"author":[{"embeddable":true,"href":"https:\/\/www.adamecinterier.com\/index.php\/wp-json\/wp\/v2\/users\/2"}],"replies":[{"embeddable":true,"href":"https:\/\/www.adamecinterier.com\/index.php\/wp-json\/wp\/v2\/comments?post=363"}],"version-history":[{"count":0,"href":"https:\/\/www.adamecinterier.com\/index.php\/wp-json\/wp\/v2\/pages\/363\/revisions"}],"wp:attachment":[{"href":"https:\/\/www.adamecinterier.com\/index.php\/wp-json\/wp\/v2\/media?parent=363"}],"curies":[{"name":"wp","href":"https:\/\/api.w.org\/{rel}","templated":true}]}}